{"id":660,"date":"2024-06-06T14:08:14","date_gmt":"2024-06-06T14:08:14","guid":{"rendered":"https:\/\/www.ratafiaempordanesa.com\/historia\/"},"modified":"2024-08-01T13:31:18","modified_gmt":"2024-08-01T13:31:18","slug":"historia","status":"publish","type":"page","link":"https:\/\/www.ratafiaempordanesa.com\/es\/historia\/","title":{"rendered":"Historia"},"content":{"rendered":"\t\t<div data-elementor-type=\"wp-page\" data-elementor-id=\"660\" class=\"elementor elementor-660 elementor-34\" data-elementor-post-type=\"page\">\n\t\t\t\t<div class=\"elementor-element elementor-element-550e957 e-flex e-con-boxed e-con e-parent\" data-id=\"550e957\" data-element_type=\"container\">\n\t\t\t\t\t<div class=\"e-con-inner\">\n\t\t\t\t<div class=\"elementor-element elementor-element-27b6247 animated-slow elementor-invisible elementor-widget elementor-widget-image\" data-id=\"27b6247\" data-element_type=\"widget\" data-settings=\"{&quot;_animation&quot;:&quot;fadeIn&quot;}\" data-widget_type=\"image.default\">\n\t\t\t\t<div class=\"elementor-widget-container\">\n\t\t\t\t\t\t\t\t\t\t\t\t\t\t\t<img decoding=\"async\" src=\"https:\/\/www.ratafiaempordanesa.com\/wp-content\/uploads\/2024\/07\/ratafia-empordanesa-escut.png\" title=\"\" alt=\"\" loading=\"lazy\" \/>\t\t\t\t\t\t\t\t\t\t\t\t\t\t\t<\/div>\n\t\t\t\t<\/div>\n\t\t\t\t<div class=\"elementor-element elementor-element-ae9a73b elementor-widget__width-initial elementor-widget elementor-widget-heading\" data-id=\"ae9a73b\" data-element_type=\"widget\" data-widget_type=\"heading.default\">\n\t\t\t\t<div class=\"elementor-widget-container\">\n\t\t\t\t\t<h1 class=\"elementor-heading-title elementor-size-default\">Nuestra <b><em>historia<\/em><\/b><\/h1>\t\t\t\t<\/div>\n\t\t\t\t<\/div>\n\t\t\t\t\t<\/div>\n\t\t\t\t<\/div>\n\t\t<div class=\"elementor-element elementor-element-edc562f e-con-full e-flex e-con e-parent\" data-id=\"edc562f\" data-element_type=\"container\" data-settings=\"{&quot;background_background&quot;:&quot;classic&quot;}\">\n\t\t<div class=\"elementor-element elementor-element-c247f7f e-con-full e-flex e-con e-child\" data-id=\"c247f7f\" data-element_type=\"container\" data-settings=\"{&quot;sticky&quot;:&quot;top&quot;,&quot;sticky_offset&quot;:50,&quot;sticky_effects_offset&quot;:10,&quot;sticky_parent&quot;:&quot;yes&quot;,&quot;sticky_on&quot;:[&quot;widescreen&quot;,&quot;desktop&quot;,&quot;tablet&quot;],&quot;sticky_anchor_link_offset&quot;:0}\">\n\t\t\t\t<div class=\"elementor-element elementor-element-67e65e8 elementor-position-left elementor-view-default elementor-mobile-position-top elementor-vertical-align-top elementor-widget elementor-widget-icon-box\" data-id=\"67e65e8\" data-element_type=\"widget\" data-widget_type=\"icon-box.default\">\n\t\t\t\t<div class=\"elementor-widget-container\">\n\t\t\t\t\t\t\t<div class=\"elementor-icon-box-wrapper\">\n\n\t\t\t\t\t\t<div class=\"elementor-icon-box-icon\">\n\t\t\t\t<span  class=\"elementor-icon\">\n\t\t\t\t\t\t\t\t<\/span>\n\t\t\t<\/div>\n\t\t\t\n\t\t\t\t\t\t<div class=\"elementor-icon-box-content\">\n\n\t\t\t\t\t\t\t\t\t<h3 class=\"elementor-icon-box-title\">\n\t\t\t\t\t\t<span  >\n\t\t\t\t\t\t\t1331\t\t\t\t\t\t<\/span>\n\t\t\t\t\t<\/h3>\n\t\t\t\t\n\t\t\t\t\t\t\t\t\t<p class=\"elementor-icon-box-description\">\n\t\t\t\t\t\tLa primera referencia que sit\u00faa a la familia Roig en el pueblo de Garriguella es una <b><em>escritura que data de 1331<\/em><\/b>\t\t\t\t\t<\/p>\n\t\t\t\t\n\t\t\t<\/div>\n\t\t\t\n\t\t<\/div>\n\t\t\t\t\t\t<\/div>\n\t\t\t\t<\/div>\n\t\t\t\t<div class=\"elementor-element elementor-element-0a24a26 elementor-position-left elementor-view-default elementor-mobile-position-top elementor-vertical-align-top elementor-widget elementor-widget-icon-box\" data-id=\"0a24a26\" data-element_type=\"widget\" data-widget_type=\"icon-box.default\">\n\t\t\t\t<div class=\"elementor-widget-container\">\n\t\t\t\t\t\t\t<div class=\"elementor-icon-box-wrapper\">\n\n\t\t\t\t\t\t<div class=\"elementor-icon-box-icon\">\n\t\t\t\t<span  class=\"elementor-icon\">\n\t\t\t\t\t\t\t\t<\/span>\n\t\t\t<\/div>\n\t\t\t\n\t\t\t\t\t\t<div class=\"elementor-icon-box-content\">\n\n\t\t\t\t\t\t\t\t\t<h3 class=\"elementor-icon-box-title\">\n\t\t\t\t\t\t<span  >\n\t\t\t\t\t\t\t1832\t\t\t\t\t\t<\/span>\n\t\t\t\t\t<\/h3>\n\t\t\t\t\n\t\t\t\t\t\t\t\t\t<p class=\"elementor-icon-box-description\">\n\t\t\t\t\t\tNos consta que en 1832 nuestros antepasados ya destilaban brisa en el mismo municipio.\t\t\t\t\t<\/p>\n\t\t\t\t\n\t\t\t<\/div>\n\t\t\t\n\t\t<\/div>\n\t\t\t\t\t\t<\/div>\n\t\t\t\t<\/div>\n\t\t\t\t<div class=\"elementor-element elementor-element-ba8478a elementor-position-left elementor-view-default elementor-mobile-position-top elementor-vertical-align-top elementor-widget elementor-widget-icon-box\" data-id=\"ba8478a\" data-element_type=\"widget\" data-widget_type=\"icon-box.default\">\n\t\t\t\t<div class=\"elementor-widget-container\">\n\t\t\t\t\t\t\t<div class=\"elementor-icon-box-wrapper\">\n\n\t\t\t\t\t\t<div class=\"elementor-icon-box-icon\">\n\t\t\t\t<span  class=\"elementor-icon\">\n\t\t\t\t\t\t\t\t<\/span>\n\t\t\t<\/div>\n\t\t\t\n\t\t\t\t\t\t<div class=\"elementor-icon-box-content\">\n\n\t\t\t\t\t\t\t\t\t<h3 class=\"elementor-icon-box-title\">\n\t\t\t\t\t\t<span  >\n\t\t\t\t\t\t\t1875\t\t\t\t\t\t<\/span>\n\t\t\t\t\t<\/h3>\n\t\t\t\t\n\t\t\t\t\t\t\t\t\t<p class=\"elementor-icon-box-description\">\n\t\t\t\t\t\tEl documento m\u00e1s antiguo que tenemos de la tradici\u00f3n licorista es del a\u00f1o 1875 cuando nuestro tatarabuelo, Joan Roig Solana, ampli\u00f3 la f\u00e1brica con un alambique de 100L.\t\t\t\t\t<\/p>\n\t\t\t\t\n\t\t\t<\/div>\n\t\t\t\n\t\t<\/div>\n\t\t\t\t\t\t<\/div>\n\t\t\t\t<\/div>\n\t\t\t\t<div class=\"elementor-element elementor-element-a761626 elementor-position-left elementor-view-default elementor-mobile-position-top elementor-vertical-align-top elementor-widget elementor-widget-icon-box\" data-id=\"a761626\" data-element_type=\"widget\" data-widget_type=\"icon-box.default\">\n\t\t\t\t<div class=\"elementor-widget-container\">\n\t\t\t\t\t\t\t<div class=\"elementor-icon-box-wrapper\">\n\n\t\t\t\t\t\t<div class=\"elementor-icon-box-icon\">\n\t\t\t\t<span  class=\"elementor-icon\">\n\t\t\t\t\t\t\t\t<\/span>\n\t\t\t<\/div>\n\t\t\t\n\t\t\t\t\t\t<div class=\"elementor-icon-box-content\">\n\n\t\t\t\t\t\t\t\t\t<h3 class=\"elementor-icon-box-title\">\n\t\t\t\t\t\t<span  >\n\t\t\t\t\t\t\tActualidad\t\t\t\t\t\t<\/span>\n\t\t\t\t\t<\/h3>\n\t\t\t\t\n\t\t\t\t\t\t\t\t\t<p class=\"elementor-icon-box-description\">\n\t\t\t\t\t\tDurante muchos a\u00f1os hemos compaginado esta actividad con el cultivo de la vi\u00f1a y el comercio de vino ya d\u00eda de hoy, todav\u00eda elaboramos Ratafia y otros licores en medio del pueblo.\t\t\t\t\t<\/p>\n\t\t\t\t\n\t\t\t<\/div>\n\t\t\t\n\t\t<\/div>\n\t\t\t\t\t\t<\/div>\n\t\t\t\t<\/div>\n\t\t\t\t<\/div>\n\t\t<div class=\"elementor-element elementor-element-fd921fa e-con-full e-flex e-con e-child\" data-id=\"fd921fa\" data-element_type=\"container\">\n\t\t\t\t<div class=\"elementor-element elementor-element-ac4338e gallery-spacing-custom elementor-widget elementor-widget-image-gallery\" data-id=\"ac4338e\" data-element_type=\"widget\" data-widget_type=\"image-gallery.default\">\n\t\t\t\t<div class=\"elementor-widget-container\">\n\t\t\t\t\t\t\t<div class=\"elementor-image-gallery\">\n\t\t\t<div id='gallery-1' class='gallery galleryid-660 gallery-columns-1 gallery-size-full'><figure class='gallery-item'>\n\t\t\t<div class='gallery-icon landscape'>\n\t\t\t\t<a data-elementor-open-lightbox=\"yes\" data-elementor-lightbox-slideshow=\"ac4338e\" data-elementor-lightbox-title=\"historia-ratafia-empordanesa2\" data-e-action-hash=\"#elementor-action%3Aaction%3Dlightbox%26settings%3DeyJpZCI6OTA4LCJ1cmwiOiJodHRwczpcL1wvd3d3LnJhdGFmaWFlbXBvcmRhbmVzYS5jb21cL3dwLWNvbnRlbnRcL3VwbG9hZHNcLzIwMjRcLzA3XC9oaXN0b3JpYS1yYXRhZmlhLWVtcG9yZGFuZXNhMi53ZWJwIiwic2xpZGVzaG93IjoiYWM0MzM4ZSJ9\" href='https:\/\/www.ratafiaempordanesa.com\/wp-content\/uploads\/2024\/07\/historia-ratafia-empordanesa2.webp'><img fetchpriority=\"high\" decoding=\"async\" width=\"1351\" height=\"1126\" src=\"https:\/\/www.ratafiaempordanesa.com\/wp-content\/uploads\/2024\/07\/historia-ratafia-empordanesa2.webp\" class=\"attachment-full size-full\" alt=\"Ratafia artesanal\" srcset=\"https:\/\/www.ratafiaempordanesa.com\/wp-content\/uploads\/2024\/07\/historia-ratafia-empordanesa2.webp 1351w, https:\/\/www.ratafiaempordanesa.com\/wp-content\/uploads\/2024\/07\/historia-ratafia-empordanesa2-300x250.webp 300w, https:\/\/www.ratafiaempordanesa.com\/wp-content\/uploads\/2024\/07\/historia-ratafia-empordanesa2-1024x853.webp 1024w, https:\/\/www.ratafiaempordanesa.com\/wp-content\/uploads\/2024\/07\/historia-ratafia-empordanesa2-768x640.webp 768w\" sizes=\"(max-width: 1351px) 100vw, 1351px\" \/><\/a>\n\t\t\t<\/div><\/figure><figure class='gallery-item'>\n\t\t\t<div class='gallery-icon portrait'>\n\t\t\t\t<a data-elementor-open-lightbox=\"yes\" data-elementor-lightbox-slideshow=\"ac4338e\" data-elementor-lightbox-title=\"historia-ratafia-empordanesa4\" data-e-action-hash=\"#elementor-action%3Aaction%3Dlightbox%26settings%3DeyJpZCI6NTI0LCJ1cmwiOiJodHRwczpcL1wvd3d3LnJhdGFmaWFlbXBvcmRhbmVzYS5jb21cL3dwLWNvbnRlbnRcL3VwbG9hZHNcLzIwMjRcLzA3XC9oaXN0b3JpYS1yYXRhZmlhLWVtcG9yZGFuZXNhNC53ZWJwIiwic2xpZGVzaG93IjoiYWM0MzM4ZSJ9\" href='https:\/\/www.ratafiaempordanesa.com\/wp-content\/uploads\/2024\/07\/historia-ratafia-empordanesa4.webp'><img decoding=\"async\" width=\"1665\" height=\"2183\" src=\"https:\/\/www.ratafiaempordanesa.com\/wp-content\/uploads\/2024\/07\/historia-ratafia-empordanesa4.webp\" class=\"attachment-full size-full\" alt=\"\" srcset=\"https:\/\/www.ratafiaempordanesa.com\/wp-content\/uploads\/2024\/07\/historia-ratafia-empordanesa4.webp 1665w, https:\/\/www.ratafiaempordanesa.com\/wp-content\/uploads\/2024\/07\/historia-ratafia-empordanesa4-229x300.webp 229w, https:\/\/www.ratafiaempordanesa.com\/wp-content\/uploads\/2024\/07\/historia-ratafia-empordanesa4-781x1024.webp 781w, https:\/\/www.ratafiaempordanesa.com\/wp-content\/uploads\/2024\/07\/historia-ratafia-empordanesa4-768x1007.webp 768w, https:\/\/www.ratafiaempordanesa.com\/wp-content\/uploads\/2024\/07\/historia-ratafia-empordanesa4-1172x1536.webp 1172w, https:\/\/www.ratafiaempordanesa.com\/wp-content\/uploads\/2024\/07\/historia-ratafia-empordanesa4-1562x2048.webp 1562w\" sizes=\"(max-width: 1665px) 100vw, 1665px\" \/><\/a>\n\t\t\t<\/div><\/figure><figure class='gallery-item'>\n\t\t\t<div class='gallery-icon landscape'>\n\t\t\t\t<a data-elementor-open-lightbox=\"yes\" data-elementor-lightbox-slideshow=\"ac4338e\" data-elementor-lightbox-title=\"historia-ratafia-empordanesa3\" data-e-action-hash=\"#elementor-action%3Aaction%3Dlightbox%26settings%3DeyJpZCI6Mzk0LCJ1cmwiOiJodHRwczpcL1wvd3d3LnJhdGFmaWFlbXBvcmRhbmVzYS5jb21cL3dwLWNvbnRlbnRcL3VwbG9hZHNcLzIwMjRcLzA3XC9oaXN0b3JpYS1yYXRhZmlhLWVtcG9yZGFuZXNhMy53ZWJwIiwic2xpZGVzaG93IjoiYWM0MzM4ZSJ9\" href='https:\/\/www.ratafiaempordanesa.com\/wp-content\/uploads\/2024\/07\/historia-ratafia-empordanesa3.webp'><img decoding=\"async\" width=\"1368\" height=\"940\" src=\"https:\/\/www.ratafiaempordanesa.com\/wp-content\/uploads\/2024\/07\/historia-ratafia-empordanesa3.webp\" class=\"attachment-full size-full\" alt=\"\" srcset=\"https:\/\/www.ratafiaempordanesa.com\/wp-content\/uploads\/2024\/07\/historia-ratafia-empordanesa3.webp 1368w, https:\/\/www.ratafiaempordanesa.com\/wp-content\/uploads\/2024\/07\/historia-ratafia-empordanesa3-300x206.webp 300w, https:\/\/www.ratafiaempordanesa.com\/wp-content\/uploads\/2024\/07\/historia-ratafia-empordanesa3-1024x704.webp 1024w, https:\/\/www.ratafiaempordanesa.com\/wp-content\/uploads\/2024\/07\/historia-ratafia-empordanesa3-768x528.webp 768w\" sizes=\"(max-width: 1368px) 100vw, 1368px\" \/><\/a>\n\t\t\t<\/div><\/figure>\n\t\t<\/div>\n\t\t<\/div>\n\t\t\t\t\t\t<\/div>\n\t\t\t\t<\/div>\n\t\t\t\t<\/div>\n\t\t\t\t<\/div>\n\t\t\t\t<\/div>\n\t\t","protected":false},"excerpt":{"rendered":"<p>Nuestra historia 1331 La primera referencia que sit\u00faa a la familia Roig en el pueblo de Garriguella es una escritura que data de 1331 1832 Nos consta que en 1832 nuestros antepasados ya destilaban brisa en el mismo municipio. 1875 El documento m\u00e1s antiguo que tenemos de la tradici\u00f3n licorista es del a\u00f1o 1875 cuando [&hellip;]<\/p>\n","protected":false},"author":1,"featured_media":0,"parent":0,"menu_order":0,"comment_status":"closed","ping_status":"closed","template":"","meta":{"footnotes":""},"class_list":["post-660","page","type-page","status-publish","hentry"],"yoast_head":"<!-- This site is optimized with the Yoast SEO plugin v25.5 - https:\/\/yoast.com\/wordpress\/plugins\/seo\/ -->\n<title>Historia - Ratafia Empordanesa<\/title>\n<meta name=\"robots\" content=\"index, follow, max-snippet:-1, max-image-preview:large, max-video-preview:-1\" \/>\n<link rel=\"canonical\" href=\"https:\/\/www.ratafiaempordanesa.com\/es\/historia\/\" \/>\n<meta property=\"og:locale\" content=\"es_ES\" \/>\n<meta property=\"og:type\" content=\"article\" \/>\n<meta property=\"og:title\" content=\"Historia - Ratafia Empordanesa\" \/>\n<meta property=\"og:description\" content=\"Nuestra historia 1331 La primera referencia que sit\u00faa a la familia Roig en el pueblo de Garriguella es una escritura que data de 1331 1832 Nos consta que en 1832 nuestros antepasados ya destilaban brisa en el mismo municipio. 1875 El documento m\u00e1s antiguo que tenemos de la tradici\u00f3n licorista es del a\u00f1o 1875 cuando [&hellip;]\" \/>\n<meta property=\"og:url\" content=\"https:\/\/www.ratafiaempordanesa.com\/es\/historia\/\" \/>\n<meta property=\"og:site_name\" content=\"Ratafia Empordanesa\" \/>\n<meta property=\"article:modified_time\" content=\"2024-08-01T13:31:18+00:00\" \/>\n<meta property=\"og:image\" content=\"https:\/\/www.ratafiaempordanesa.com\/wp-content\/uploads\/2024\/07\/ratafia-empordanesa-escut.png\" \/>\n<meta name=\"twitter:card\" content=\"summary_large_image\" \/>\n<meta name=\"twitter:label1\" content=\"Tiempo de lectura\" \/>\n\t<meta name=\"twitter:data1\" content=\"1 minuto\" \/>\n<script type=\"application\/ld+json\" class=\"yoast-schema-graph\">{\"@context\":\"https:\/\/schema.org\",\"@graph\":[{\"@type\":\"WebPage\",\"@id\":\"https:\/\/www.ratafiaempordanesa.com\/es\/historia\/\",\"url\":\"https:\/\/www.ratafiaempordanesa.com\/es\/historia\/\",\"name\":\"Historia - Ratafia Empordanesa\",\"isPartOf\":{\"@id\":\"https:\/\/www.ratafiaempordanesa.com\/es\/#website\"},\"primaryImageOfPage\":{\"@id\":\"https:\/\/www.ratafiaempordanesa.com\/es\/historia\/#primaryimage\"},\"image\":{\"@id\":\"https:\/\/www.ratafiaempordanesa.com\/es\/historia\/#primaryimage\"},\"thumbnailUrl\":\"https:\/\/www.ratafiaempordanesa.com\/wp-content\/uploads\/2024\/07\/ratafia-empordanesa-escut.png\",\"datePublished\":\"2024-06-06T14:08:14+00:00\",\"dateModified\":\"2024-08-01T13:31:18+00:00\",\"breadcrumb\":{\"@id\":\"https:\/\/www.ratafiaempordanesa.com\/es\/historia\/#breadcrumb\"},\"inLanguage\":\"es\",\"potentialAction\":[{\"@type\":\"ReadAction\",\"target\":[\"https:\/\/www.ratafiaempordanesa.com\/es\/historia\/\"]}]},{\"@type\":\"ImageObject\",\"inLanguage\":\"es\",\"@id\":\"https:\/\/www.ratafiaempordanesa.com\/es\/historia\/#primaryimage\",\"url\":\"https:\/\/www.ratafiaempordanesa.com\/wp-content\/uploads\/2024\/07\/ratafia-empordanesa-escut.png\",\"contentUrl\":\"https:\/\/www.ratafiaempordanesa.com\/wp-content\/uploads\/2024\/07\/ratafia-empordanesa-escut.png\"},{\"@type\":\"BreadcrumbList\",\"@id\":\"https:\/\/www.ratafiaempordanesa.com\/es\/historia\/#breadcrumb\",\"itemListElement\":[{\"@type\":\"ListItem\",\"position\":1,\"name\":\"Portada\",\"item\":\"https:\/\/www.ratafiaempordanesa.com\/es\/\"},{\"@type\":\"ListItem\",\"position\":2,\"name\":\"Historia\"}]},{\"@type\":\"WebSite\",\"@id\":\"https:\/\/www.ratafiaempordanesa.com\/es\/#website\",\"url\":\"https:\/\/www.ratafiaempordanesa.com\/es\/\",\"name\":\"Ratafia l'Empordanesa\",\"description\":\"Ratafia artesanal\",\"publisher\":{\"@id\":\"https:\/\/www.ratafiaempordanesa.com\/es\/#organization\"},\"potentialAction\":[{\"@type\":\"SearchAction\",\"target\":{\"@type\":\"EntryPoint\",\"urlTemplate\":\"https:\/\/www.ratafiaempordanesa.com\/es\/?s={search_term_string}\"},\"query-input\":{\"@type\":\"PropertyValueSpecification\",\"valueRequired\":true,\"valueName\":\"search_term_string\"}}],\"inLanguage\":\"es\"},{\"@type\":\"Organization\",\"@id\":\"https:\/\/www.ratafiaempordanesa.com\/es\/#organization\",\"name\":\"Ratafia l'Empordanesa\",\"url\":\"https:\/\/www.ratafiaempordanesa.com\/es\/\",\"logo\":{\"@type\":\"ImageObject\",\"inLanguage\":\"es\",\"@id\":\"https:\/\/www.ratafiaempordanesa.com\/es\/#\/schema\/logo\/image\/\",\"url\":\"https:\/\/www.ratafiaempordanesa.com\/wp-content\/uploads\/2024\/06\/logo-ratafia-empordanesa-beige.png\",\"contentUrl\":\"https:\/\/www.ratafiaempordanesa.com\/wp-content\/uploads\/2024\/06\/logo-ratafia-empordanesa-beige.png\",\"width\":4910,\"height\":536,\"caption\":\"Ratafia l'Empordanesa\"},\"image\":{\"@id\":\"https:\/\/www.ratafiaempordanesa.com\/es\/#\/schema\/logo\/image\/\"}}]}<\/script>\n<!-- \/ Yoast SEO plugin. -->","yoast_head_json":{"title":"Historia - Ratafia Empordanesa","robots":{"index":"index","follow":"follow","max-snippet":"max-snippet:-1","max-image-preview":"max-image-preview:large","max-video-preview":"max-video-preview:-1"},"canonical":"https:\/\/www.ratafiaempordanesa.com\/es\/historia\/","og_locale":"es_ES","og_type":"article","og_title":"Historia - Ratafia Empordanesa","og_description":"Nuestra historia 1331 La primera referencia que sit\u00faa a la familia Roig en el pueblo de Garriguella es una escritura que data de 1331 1832 Nos consta que en 1832 nuestros antepasados ya destilaban brisa en el mismo municipio. 1875 El documento m\u00e1s antiguo que tenemos de la tradici\u00f3n licorista es del a\u00f1o 1875 cuando [&hellip;]","og_url":"https:\/\/www.ratafiaempordanesa.com\/es\/historia\/","og_site_name":"Ratafia Empordanesa","article_modified_time":"2024-08-01T13:31:18+00:00","og_image":[{"url":"https:\/\/www.ratafiaempordanesa.com\/wp-content\/uploads\/2024\/07\/ratafia-empordanesa-escut.png","type":"","width":"","height":""}],"twitter_card":"summary_large_image","twitter_misc":{"Tiempo de lectura":"1 minuto"},"schema":{"@context":"https:\/\/schema.org","@graph":[{"@type":"WebPage","@id":"https:\/\/www.ratafiaempordanesa.com\/es\/historia\/","url":"https:\/\/www.ratafiaempordanesa.com\/es\/historia\/","name":"Historia - Ratafia Empordanesa","isPartOf":{"@id":"https:\/\/www.ratafiaempordanesa.com\/es\/#website"},"primaryImageOfPage":{"@id":"https:\/\/www.ratafiaempordanesa.com\/es\/historia\/#primaryimage"},"image":{"@id":"https:\/\/www.ratafiaempordanesa.com\/es\/historia\/#primaryimage"},"thumbnailUrl":"https:\/\/www.ratafiaempordanesa.com\/wp-content\/uploads\/2024\/07\/ratafia-empordanesa-escut.png","datePublished":"2024-06-06T14:08:14+00:00","dateModified":"2024-08-01T13:31:18+00:00","breadcrumb":{"@id":"https:\/\/www.ratafiaempordanesa.com\/es\/historia\/#breadcrumb"},"inLanguage":"es","potentialAction":[{"@type":"ReadAction","target":["https:\/\/www.ratafiaempordanesa.com\/es\/historia\/"]}]},{"@type":"ImageObject","inLanguage":"es","@id":"https:\/\/www.ratafiaempordanesa.com\/es\/historia\/#primaryimage","url":"https:\/\/www.ratafiaempordanesa.com\/wp-content\/uploads\/2024\/07\/ratafia-empordanesa-escut.png","contentUrl":"https:\/\/www.ratafiaempordanesa.com\/wp-content\/uploads\/2024\/07\/ratafia-empordanesa-escut.png"},{"@type":"BreadcrumbList","@id":"https:\/\/www.ratafiaempordanesa.com\/es\/historia\/#breadcrumb","itemListElement":[{"@type":"ListItem","position":1,"name":"Portada","item":"https:\/\/www.ratafiaempordanesa.com\/es\/"},{"@type":"ListItem","position":2,"name":"Historia"}]},{"@type":"WebSite","@id":"https:\/\/www.ratafiaempordanesa.com\/es\/#website","url":"https:\/\/www.ratafiaempordanesa.com\/es\/","name":"Ratafia l'Empordanesa","description":"Ratafia artesanal","publisher":{"@id":"https:\/\/www.ratafiaempordanesa.com\/es\/#organization"},"potentialAction":[{"@type":"SearchAction","target":{"@type":"EntryPoint","urlTemplate":"https:\/\/www.ratafiaempordanesa.com\/es\/?s={search_term_string}"},"query-input":{"@type":"PropertyValueSpecification","valueRequired":true,"valueName":"search_term_string"}}],"inLanguage":"es"},{"@type":"Organization","@id":"https:\/\/www.ratafiaempordanesa.com\/es\/#organization","name":"Ratafia l'Empordanesa","url":"https:\/\/www.ratafiaempordanesa.com\/es\/","logo":{"@type":"ImageObject","inLanguage":"es","@id":"https:\/\/www.ratafiaempordanesa.com\/es\/#\/schema\/logo\/image\/","url":"https:\/\/www.ratafiaempordanesa.com\/wp-content\/uploads\/2024\/06\/logo-ratafia-empordanesa-beige.png","contentUrl":"https:\/\/www.ratafiaempordanesa.com\/wp-content\/uploads\/2024\/06\/logo-ratafia-empordanesa-beige.png","width":4910,"height":536,"caption":"Ratafia l'Empordanesa"},"image":{"@id":"https:\/\/www.ratafiaempordanesa.com\/es\/#\/schema\/logo\/image\/"}}]}},"_links":{"self":[{"href":"https:\/\/www.ratafiaempordanesa.com\/es\/wp-json\/wp\/v2\/pages\/660","targetHints":{"allow":["GET"]}}],"collection":[{"href":"https:\/\/www.ratafiaempordanesa.com\/es\/wp-json\/wp\/v2\/pages"}],"about":[{"href":"https:\/\/www.ratafiaempordanesa.com\/es\/wp-json\/wp\/v2\/types\/page"}],"author":[{"embeddable":true,"href":"https:\/\/www.ratafiaempordanesa.com\/es\/wp-json\/wp\/v2\/users\/1"}],"replies":[{"embeddable":true,"href":"https:\/\/www.ratafiaempordanesa.com\/es\/wp-json\/wp\/v2\/comments?post=660"}],"version-history":[{"count":2,"href":"https:\/\/www.ratafiaempordanesa.com\/es\/wp-json\/wp\/v2\/pages\/660\/revisions"}],"predecessor-version":[{"id":875,"href":"https:\/\/www.ratafiaempordanesa.com\/es\/wp-json\/wp\/v2\/pages\/660\/revisions\/875"}],"wp:attachment":[{"href":"https:\/\/www.ratafiaempordanesa.com\/es\/wp-json\/wp\/v2\/media?parent=660"}],"curies":[{"name":"wp","href":"https:\/\/api.w.org\/{rel}","templated":true}]}}