{"id":662,"date":"2024-06-06T14:04:58","date_gmt":"2024-06-06T14:04:58","guid":{"rendered":"https:\/\/www.ratafiaempordanesa.com\/nuestra-ratafia\/"},"modified":"2024-07-22T13:20:16","modified_gmt":"2024-07-22T13:20:16","slug":"nuestra-ratafia","status":"publish","type":"page","link":"https:\/\/www.ratafiaempordanesa.com\/es\/nuestra-ratafia\/","title":{"rendered":"Nuestra rataf\u00eda"},"content":{"rendered":"\t\t<div data-elementor-type=\"wp-page\" data-elementor-id=\"662\" class=\"elementor elementor-662 elementor-16\" data-elementor-post-type=\"page\">\n\t\t\t\t<div class=\"elementor-element elementor-element-475a870 e-con-full e-flex e-con e-parent\" data-id=\"475a870\" data-element_type=\"container\" data-settings=\"{&quot;background_background&quot;:&quot;gradient&quot;}\">\n\t\t\t\t<div class=\"elementor-element elementor-element-2ecf69e animated-slow elementor-invisible elementor-widget elementor-widget-heading\" data-id=\"2ecf69e\" data-element_type=\"widget\" data-settings=\"{&quot;_animation&quot;:&quot;fadeIn&quot;}\" data-widget_type=\"heading.default\">\n\t\t\t\t<div class=\"elementor-widget-container\">\n\t\t\t\t\t<h1 class=\"elementor-heading-title elementor-size-default\">L'EMPORDANESA<\/h1>\t\t\t\t<\/div>\n\t\t\t\t<\/div>\n\t\t\t\t<div class=\"elementor-element elementor-element-fdd0a3b animated-slow elementor-invisible elementor-widget elementor-widget-image\" data-id=\"fdd0a3b\" data-element_type=\"widget\" data-settings=\"{&quot;motion_fx_motion_fx_mouse&quot;:&quot;yes&quot;,&quot;motion_fx_mouseTrack_effect&quot;:&quot;yes&quot;,&quot;motion_fx_mouseTrack_direction&quot;:&quot;negative&quot;,&quot;motion_fx_mouseTrack_speed&quot;:{&quot;unit&quot;:&quot;px&quot;,&quot;size&quot;:0.3,&quot;sizes&quot;:[]},&quot;_animation&quot;:&quot;fadeIn&quot;}\" data-widget_type=\"image.default\">\n\t\t\t\t<div class=\"elementor-widget-container\">\n\t\t\t\t\t\t\t\t\t\t\t\t\t\t\t<img decoding=\"async\" src=\"https:\/\/www.ratafiaempordanesa.com\/wp-content\/uploads\/2024\/07\/licor-ratafia-empordanesa-scaled.webp\" title=\"\" alt=\"\" loading=\"lazy\" \/>\t\t\t\t\t\t\t\t\t\t\t\t\t\t\t<\/div>\n\t\t\t\t<\/div>\n\t\t\t\t<div class=\"elementor-element elementor-element-f1b7c44 elementor-widget__width-initial animated-slow elementor-invisible elementor-widget elementor-widget-heading\" data-id=\"f1b7c44\" data-element_type=\"widget\" data-settings=\"{&quot;_animation&quot;:&quot;fadeIn&quot;}\" data-widget_type=\"heading.default\">\n\t\t\t\t<div class=\"elementor-widget-container\">\n\t\t\t\t\t<h2 class=\"elementor-heading-title elementor-size-default\">La <em><b>Ratafia l'Empordanesa<\/b><\/em> es un reflejo del territorio, donde destacan las notas de las plantas de la Sierra de la Albera<\/h2>\t\t\t\t<\/div>\n\t\t\t\t<\/div>\n\t\t\t\t<\/div>\n\t\t<div class=\"elementor-element elementor-element-aec34c0 e-flex e-con-boxed e-con e-parent\" data-id=\"aec34c0\" data-element_type=\"container\" data-settings=\"{&quot;background_background&quot;:&quot;classic&quot;}\">\n\t\t\t\t\t<div class=\"e-con-inner\">\n\t\t\t\t<div class=\"elementor-element elementor-element-96bd0b1 elementor-widget__width-initial animated-slow elementor-invisible elementor-widget elementor-widget-text-editor\" data-id=\"96bd0b1\" data-element_type=\"widget\" data-settings=\"{&quot;_animation&quot;:&quot;fadeIn&quot;}\" data-widget_type=\"text-editor.default\">\n\t\t\t\t<div class=\"elementor-widget-container\">\n\t\t\t\t\t\t\t\t\t<h2>Llenamos nuestras botellas una a una de Ratafia L&#8217;Empordanesa, conectando con la tradici\u00f3n y la naturaleza del Empord\u00e0<\/h2>\n\t\t\t\t\t\t\t\t<\/div>\n\t\t\t\t<\/div>\n\t\t\t\t\t<\/div>\n\t\t\t\t<\/div>\n\t\t<div class=\"elementor-element elementor-element-a68b2fd e-flex e-con-boxed e-con e-parent\" data-id=\"a68b2fd\" data-element_type=\"container\" data-settings=\"{&quot;background_background&quot;:&quot;video&quot;,&quot;background_video_link&quot;:&quot;https:\\\/\\\/www.ratafiaempordanesa.com\\\/wp-content\\\/uploads\\\/2024\\\/07\\\/ratafia-empordanesa.mp4&quot;}\">\n\t\t\t\t\t<div class=\"e-con-inner\">\n\t\t<div class=\"elementor-background-video-container elementor-hidden-mobile\">\n\t\t\t\t\t\t\t<video class=\"elementor-background-video-hosted\" autoplay muted playsinline loop><\/video>\n\t\t\t\t\t<\/div>\t\t<div class=\"elementor-element elementor-element-d376830 elementor-widget__width-initial animated-slow elementor-invisible elementor-widget elementor-widget-text-editor\" data-id=\"d376830\" data-element_type=\"widget\" data-settings=\"{&quot;_animation&quot;:&quot;fadeIn&quot;}\" data-widget_type=\"text-editor.default\">\n\t\t\t\t<div class=\"elementor-widget-container\">\n\t\t\t\t\t\t\t\t\t<h2>Nuestra rataf\u00eda es el equilibrio perfecto entre dulzura y amargura. La gama de colores est\u00e1 entre el marr\u00f3n oscuro, marr\u00f3n rojizo y anaranjado, entre otros como el color madeira, cobre, caramelo&#8230;<\/h2>\n\t\t\t\t\t\t\t\t<\/div>\n\t\t\t\t<\/div>\n\t\t\t\t\t<\/div>\n\t\t\t\t<\/div>\n\t\t<div class=\"elementor-element elementor-element-ef5bf6c e-flex e-con-boxed e-con e-parent\" data-id=\"ef5bf6c\" data-element_type=\"container\" data-settings=\"{&quot;background_background&quot;:&quot;classic&quot;}\">\n\t\t\t\t\t<div class=\"e-con-inner\">\n\t\t\t\t<div class=\"elementor-element elementor-element-61b2a36 elementor-widget__width-initial animated-slow elementor-invisible elementor-widget elementor-widget-text-editor\" data-id=\"61b2a36\" data-element_type=\"widget\" data-settings=\"{&quot;_animation&quot;:&quot;fadeIn&quot;}\" data-widget_type=\"text-editor.default\">\n\t\t\t\t<div class=\"elementor-widget-container\">\n\t\t\t\t\t\t\t\t\t<h2>Nuestras botellas est\u00e1n <em><strong>elaboradas artesanalmente<\/strong><\/em> con ingredientes de proximidad y siguiendo la <strong><em>tradici\u00f3n ampurdanesa<\/em><\/strong><\/h2>\n\t\t\t\t\t\t\t\t<\/div>\n\t\t\t\t<\/div>\n\t\t\t\t\t<\/div>\n\t\t\t\t<\/div>\n\t\t\t\t<\/div>\n\t\t","protected":false},"excerpt":{"rendered":"<p>L&#8217;EMPORDANESA La Ratafia l&#8217;Empordanesa es un reflejo del territorio, donde destacan las notas de las plantas de la Sierra de la Albera Llenamos nuestras botellas una a una de Ratafia L&#8217;Empordanesa, conectando con la tradici\u00f3n y la naturaleza del Empord\u00e0 Nuestra rataf\u00eda es el equilibrio perfecto entre dulzura y amargura. La gama de colores est\u00e1 [&hellip;]<\/p>\n","protected":false},"author":1,"featured_media":908,"parent":0,"menu_order":0,"comment_status":"closed","ping_status":"closed","template":"","meta":{"footnotes":""},"class_list":["post-662","page","type-page","status-publish","has-post-thumbnail","hentry"],"yoast_head":"<!-- This site is optimized with the Yoast SEO plugin v25.5 - https:\/\/yoast.com\/wordpress\/plugins\/seo\/ -->\n<title>Nuestra rataf\u00eda - Ratafia Empordanesa<\/title>\n<meta name=\"robots\" content=\"index, follow, max-snippet:-1, max-image-preview:large, max-video-preview:-1\" \/>\n<link rel=\"canonical\" href=\"https:\/\/www.ratafiaempordanesa.com\/es\/nuestra-ratafia\/\" \/>\n<meta property=\"og:locale\" content=\"es_ES\" \/>\n<meta property=\"og:type\" content=\"article\" \/>\n<meta property=\"og:title\" content=\"Nuestra rataf\u00eda - Ratafia Empordanesa\" \/>\n<meta property=\"og:description\" content=\"L&#8217;EMPORDANESA La Ratafia l&#8217;Empordanesa es un reflejo del territorio, donde destacan las notas de las plantas de la Sierra de la Albera Llenamos nuestras botellas una a una de Ratafia L&#8217;Empordanesa, conectando con la tradici\u00f3n y la naturaleza del Empord\u00e0 Nuestra rataf\u00eda es el equilibrio perfecto entre dulzura y amargura. La gama de colores est\u00e1 [&hellip;]\" \/>\n<meta property=\"og:url\" content=\"https:\/\/www.ratafiaempordanesa.com\/es\/nuestra-ratafia\/\" \/>\n<meta property=\"og:site_name\" content=\"Ratafia Empordanesa\" \/>\n<meta property=\"article:modified_time\" content=\"2024-07-22T13:20:16+00:00\" \/>\n<meta property=\"og:image\" content=\"https:\/\/www.ratafiaempordanesa.com\/wp-content\/uploads\/2024\/07\/licor-ratafia-empordanesa-scaled.webp\" \/>\n<meta name=\"twitter:card\" content=\"summary_large_image\" \/>\n<script type=\"application\/ld+json\" class=\"yoast-schema-graph\">{\"@context\":\"https:\/\/schema.org\",\"@graph\":[{\"@type\":\"WebPage\",\"@id\":\"https:\/\/www.ratafiaempordanesa.com\/es\/nuestra-ratafia\/\",\"url\":\"https:\/\/www.ratafiaempordanesa.com\/es\/nuestra-ratafia\/\",\"name\":\"Nuestra rataf\u00eda - Ratafia Empordanesa\",\"isPartOf\":{\"@id\":\"https:\/\/www.ratafiaempordanesa.com\/es\/#website\"},\"primaryImageOfPage\":{\"@id\":\"https:\/\/www.ratafiaempordanesa.com\/es\/nuestra-ratafia\/#primaryimage\"},\"image\":{\"@id\":\"https:\/\/www.ratafiaempordanesa.com\/es\/nuestra-ratafia\/#primaryimage\"},\"thumbnailUrl\":\"https:\/\/www.ratafiaempordanesa.com\/wp-content\/uploads\/2024\/07\/historia-ratafia-empordanesa2.webp\",\"datePublished\":\"2024-06-06T14:04:58+00:00\",\"dateModified\":\"2024-07-22T13:20:16+00:00\",\"breadcrumb\":{\"@id\":\"https:\/\/www.ratafiaempordanesa.com\/es\/nuestra-ratafia\/#breadcrumb\"},\"inLanguage\":\"es\",\"potentialAction\":[{\"@type\":\"ReadAction\",\"target\":[\"https:\/\/www.ratafiaempordanesa.com\/es\/nuestra-ratafia\/\"]}]},{\"@type\":\"ImageObject\",\"inLanguage\":\"es\",\"@id\":\"https:\/\/www.ratafiaempordanesa.com\/es\/nuestra-ratafia\/#primaryimage\",\"url\":\"https:\/\/www.ratafiaempordanesa.com\/wp-content\/uploads\/2024\/07\/historia-ratafia-empordanesa2.webp\",\"contentUrl\":\"https:\/\/www.ratafiaempordanesa.com\/wp-content\/uploads\/2024\/07\/historia-ratafia-empordanesa2.webp\",\"width\":1351,\"height\":1126,\"caption\":\"Ratafia artesanal\"},{\"@type\":\"BreadcrumbList\",\"@id\":\"https:\/\/www.ratafiaempordanesa.com\/es\/nuestra-ratafia\/#breadcrumb\",\"itemListElement\":[{\"@type\":\"ListItem\",\"position\":1,\"name\":\"Portada\",\"item\":\"https:\/\/www.ratafiaempordanesa.com\/es\/\"},{\"@type\":\"ListItem\",\"position\":2,\"name\":\"Nuestra rataf\u00eda\"}]},{\"@type\":\"WebSite\",\"@id\":\"https:\/\/www.ratafiaempordanesa.com\/es\/#website\",\"url\":\"https:\/\/www.ratafiaempordanesa.com\/es\/\",\"name\":\"Ratafia l'Empordanesa\",\"description\":\"Ratafia artesanal\",\"publisher\":{\"@id\":\"https:\/\/www.ratafiaempordanesa.com\/es\/#organization\"},\"potentialAction\":[{\"@type\":\"SearchAction\",\"target\":{\"@type\":\"EntryPoint\",\"urlTemplate\":\"https:\/\/www.ratafiaempordanesa.com\/es\/?s={search_term_string}\"},\"query-input\":{\"@type\":\"PropertyValueSpecification\",\"valueRequired\":true,\"valueName\":\"search_term_string\"}}],\"inLanguage\":\"es\"},{\"@type\":\"Organization\",\"@id\":\"https:\/\/www.ratafiaempordanesa.com\/es\/#organization\",\"name\":\"Ratafia l'Empordanesa\",\"url\":\"https:\/\/www.ratafiaempordanesa.com\/es\/\",\"logo\":{\"@type\":\"ImageObject\",\"inLanguage\":\"es\",\"@id\":\"https:\/\/www.ratafiaempordanesa.com\/es\/#\/schema\/logo\/image\/\",\"url\":\"https:\/\/www.ratafiaempordanesa.com\/wp-content\/uploads\/2024\/06\/logo-ratafia-empordanesa-beige.png\",\"contentUrl\":\"https:\/\/www.ratafiaempordanesa.com\/wp-content\/uploads\/2024\/06\/logo-ratafia-empordanesa-beige.png\",\"width\":4910,\"height\":536,\"caption\":\"Ratafia l'Empordanesa\"},\"image\":{\"@id\":\"https:\/\/www.ratafiaempordanesa.com\/es\/#\/schema\/logo\/image\/\"}}]}<\/script>\n<!-- \/ Yoast SEO plugin. -->","yoast_head_json":{"title":"Nuestra rataf\u00eda - Ratafia Empordanesa","robots":{"index":"index","follow":"follow","max-snippet":"max-snippet:-1","max-image-preview":"max-image-preview:large","max-video-preview":"max-video-preview:-1"},"canonical":"https:\/\/www.ratafiaempordanesa.com\/es\/nuestra-ratafia\/","og_locale":"es_ES","og_type":"article","og_title":"Nuestra rataf\u00eda - Ratafia Empordanesa","og_description":"L&#8217;EMPORDANESA La Ratafia l&#8217;Empordanesa es un reflejo del territorio, donde destacan las notas de las plantas de la Sierra de la Albera Llenamos nuestras botellas una a una de Ratafia L&#8217;Empordanesa, conectando con la tradici\u00f3n y la naturaleza del Empord\u00e0 Nuestra rataf\u00eda es el equilibrio perfecto entre dulzura y amargura. La gama de colores est\u00e1 [&hellip;]","og_url":"https:\/\/www.ratafiaempordanesa.com\/es\/nuestra-ratafia\/","og_site_name":"Ratafia Empordanesa","article_modified_time":"2024-07-22T13:20:16+00:00","og_image":[{"url":"https:\/\/www.ratafiaempordanesa.com\/wp-content\/uploads\/2024\/07\/licor-ratafia-empordanesa-scaled.webp","type":"","width":"","height":""}],"twitter_card":"summary_large_image","schema":{"@context":"https:\/\/schema.org","@graph":[{"@type":"WebPage","@id":"https:\/\/www.ratafiaempordanesa.com\/es\/nuestra-ratafia\/","url":"https:\/\/www.ratafiaempordanesa.com\/es\/nuestra-ratafia\/","name":"Nuestra rataf\u00eda - Ratafia Empordanesa","isPartOf":{"@id":"https:\/\/www.ratafiaempordanesa.com\/es\/#website"},"primaryImageOfPage":{"@id":"https:\/\/www.ratafiaempordanesa.com\/es\/nuestra-ratafia\/#primaryimage"},"image":{"@id":"https:\/\/www.ratafiaempordanesa.com\/es\/nuestra-ratafia\/#primaryimage"},"thumbnailUrl":"https:\/\/www.ratafiaempordanesa.com\/wp-content\/uploads\/2024\/07\/historia-ratafia-empordanesa2.webp","datePublished":"2024-06-06T14:04:58+00:00","dateModified":"2024-07-22T13:20:16+00:00","breadcrumb":{"@id":"https:\/\/www.ratafiaempordanesa.com\/es\/nuestra-ratafia\/#breadcrumb"},"inLanguage":"es","potentialAction":[{"@type":"ReadAction","target":["https:\/\/www.ratafiaempordanesa.com\/es\/nuestra-ratafia\/"]}]},{"@type":"ImageObject","inLanguage":"es","@id":"https:\/\/www.ratafiaempordanesa.com\/es\/nuestra-ratafia\/#primaryimage","url":"https:\/\/www.ratafiaempordanesa.com\/wp-content\/uploads\/2024\/07\/historia-ratafia-empordanesa2.webp","contentUrl":"https:\/\/www.ratafiaempordanesa.com\/wp-content\/uploads\/2024\/07\/historia-ratafia-empordanesa2.webp","width":1351,"height":1126,"caption":"Ratafia artesanal"},{"@type":"BreadcrumbList","@id":"https:\/\/www.ratafiaempordanesa.com\/es\/nuestra-ratafia\/#breadcrumb","itemListElement":[{"@type":"ListItem","position":1,"name":"Portada","item":"https:\/\/www.ratafiaempordanesa.com\/es\/"},{"@type":"ListItem","position":2,"name":"Nuestra rataf\u00eda"}]},{"@type":"WebSite","@id":"https:\/\/www.ratafiaempordanesa.com\/es\/#website","url":"https:\/\/www.ratafiaempordanesa.com\/es\/","name":"Ratafia l'Empordanesa","description":"Ratafia artesanal","publisher":{"@id":"https:\/\/www.ratafiaempordanesa.com\/es\/#organization"},"potentialAction":[{"@type":"SearchAction","target":{"@type":"EntryPoint","urlTemplate":"https:\/\/www.ratafiaempordanesa.com\/es\/?s={search_term_string}"},"query-input":{"@type":"PropertyValueSpecification","valueRequired":true,"valueName":"search_term_string"}}],"inLanguage":"es"},{"@type":"Organization","@id":"https:\/\/www.ratafiaempordanesa.com\/es\/#organization","name":"Ratafia l'Empordanesa","url":"https:\/\/www.ratafiaempordanesa.com\/es\/","logo":{"@type":"ImageObject","inLanguage":"es","@id":"https:\/\/www.ratafiaempordanesa.com\/es\/#\/schema\/logo\/image\/","url":"https:\/\/www.ratafiaempordanesa.com\/wp-content\/uploads\/2024\/06\/logo-ratafia-empordanesa-beige.png","contentUrl":"https:\/\/www.ratafiaempordanesa.com\/wp-content\/uploads\/2024\/06\/logo-ratafia-empordanesa-beige.png","width":4910,"height":536,"caption":"Ratafia l'Empordanesa"},"image":{"@id":"https:\/\/www.ratafiaempordanesa.com\/es\/#\/schema\/logo\/image\/"}}]}},"_links":{"self":[{"href":"https:\/\/www.ratafiaempordanesa.com\/es\/wp-json\/wp\/v2\/pages\/662","targetHints":{"allow":["GET"]}}],"collection":[{"href":"https:\/\/www.ratafiaempordanesa.com\/es\/wp-json\/wp\/v2\/pages"}],"about":[{"href":"https:\/\/www.ratafiaempordanesa.com\/es\/wp-json\/wp\/v2\/types\/page"}],"author":[{"embeddable":true,"href":"https:\/\/www.ratafiaempordanesa.com\/es\/wp-json\/wp\/v2\/users\/1"}],"replies":[{"embeddable":true,"href":"https:\/\/www.ratafiaempordanesa.com\/es\/wp-json\/wp\/v2\/comments?post=662"}],"version-history":[{"count":1,"href":"https:\/\/www.ratafiaempordanesa.com\/es\/wp-json\/wp\/v2\/pages\/662\/revisions"}],"predecessor-version":[{"id":663,"href":"https:\/\/www.ratafiaempordanesa.com\/es\/wp-json\/wp\/v2\/pages\/662\/revisions\/663"}],"wp:featuredmedia":[{"embeddable":true,"href":"https:\/\/www.ratafiaempordanesa.com\/es\/wp-json\/wp\/v2\/media\/908"}],"wp:attachment":[{"href":"https:\/\/www.ratafiaempordanesa.com\/es\/wp-json\/wp\/v2\/media?parent=662"}],"curies":[{"name":"wp","href":"https:\/\/api.w.org\/{rel}","templated":true}]}}