{"id":667,"date":"2024-06-06T14:04:30","date_gmt":"2024-06-06T14:04:30","guid":{"rendered":"https:\/\/www.ratafiaempordanesa.com\/sierra-de-la-albera\/"},"modified":"2024-08-01T14:05:34","modified_gmt":"2024-08-01T14:05:34","slug":"sierra-de-la-albera","status":"publish","type":"page","link":"https:\/\/www.ratafiaempordanesa.com\/es\/sierra-de-la-albera\/","title":{"rendered":"Sierra de la Albera"},"content":{"rendered":"\t\t<div data-elementor-type=\"wp-page\" data-elementor-id=\"667\" class=\"elementor elementor-667 elementor-12\" data-elementor-post-type=\"page\">\n\t\t\t\t<div class=\"elementor-element elementor-element-4480c7c e-flex e-con-boxed e-con e-parent\" data-id=\"4480c7c\" data-element_type=\"container\" data-settings=\"{&quot;background_background&quot;:&quot;classic&quot;}\">\n\t\t\t\t\t<div class=\"e-con-inner\">\n\t\t\t\t<div class=\"elementor-element elementor-element-0314853 animated-slow elementor-invisible elementor-widget elementor-widget-image\" data-id=\"0314853\" data-element_type=\"widget\" data-settings=\"{&quot;_animation&quot;:&quot;fadeIn&quot;}\" data-widget_type=\"image.default\">\n\t\t\t\t<div class=\"elementor-widget-container\">\n\t\t\t\t\t\t\t\t\t\t\t\t\t\t\t<img decoding=\"async\" width=\"1\" height=\"1\" src=\"https:\/\/www.ratafiaempordanesa.com\/wp-content\/uploads\/2024\/07\/ratafia-empordanesa-escut-blanc.svg\" class=\"attachment-large size-large wp-image-521\" alt=\"\" \/>\t\t\t\t\t\t\t\t\t\t\t\t\t\t\t<\/div>\n\t\t\t\t<\/div>\n\t\t\t\t<div class=\"elementor-element elementor-element-2f14f0d elementor-widget__width-initial elementor-widget elementor-widget-heading\" data-id=\"2f14f0d\" data-element_type=\"widget\" data-widget_type=\"heading.default\">\n\t\t\t\t<div class=\"elementor-widget-container\">\n\t\t\t\t\t<h1 class=\"elementor-heading-title elementor-size-default\"><b><em>La Sierra de la Albera  <\/em><\/b><\/h1>\t\t\t\t<\/div>\n\t\t\t\t<\/div>\n\t\t\t\t\t<\/div>\n\t\t\t\t<\/div>\n\t\t<div class=\"elementor-element elementor-element-fc47e35 e-flex e-con-boxed e-con e-parent\" data-id=\"fc47e35\" data-element_type=\"container\" data-settings=\"{&quot;background_background&quot;:&quot;classic&quot;}\">\n\t\t\t\t\t<div class=\"e-con-inner\">\n\t\t\t\t<div class=\"elementor-element elementor-element-c1da5e6 elementor-widget__width-initial elementor-widget elementor-widget-heading\" data-id=\"c1da5e6\" data-element_type=\"widget\" data-widget_type=\"heading.default\">\n\t\t\t\t<div class=\"elementor-widget-container\">\n\t\t\t\t\t<h2 class=\"elementor-heading-title elementor-size-default\"><b><em>La Sierra de la Albera<\/em><\/b> es el principal contrafuerte de los Pirineos, un conjunto monta\u00f1oso que se extiende desde el collado del Pert\u00fas hasta el mar Mediterr\u00e1neo.  <\/h2>\t\t\t\t<\/div>\n\t\t\t\t<\/div>\n\t\t\t\t\t<\/div>\n\t\t\t\t<\/div>\n\t\t<div class=\"elementor-element elementor-element-ba5c280 e-flex e-con-boxed e-con e-parent\" data-id=\"ba5c280\" data-element_type=\"container\" data-settings=\"{&quot;background_background&quot;:&quot;classic&quot;}\">\n\t\t\t\t\t<div class=\"e-con-inner\">\n\t\t<div class=\"elementor-element elementor-element-cd220f7 e-con-full e-flex e-con e-child\" data-id=\"cd220f7\" data-element_type=\"container\">\n\t\t\t\t<div class=\"elementor-element elementor-element-41fc4e8 elementor-widget__width-initial animated-fast elementor-widget-mobile__width-inherit elementor-invisible elementor-widget elementor-widget-image\" data-id=\"41fc4e8\" data-element_type=\"widget\" data-settings=\"{&quot;motion_fx_motion_fx_mouse&quot;:&quot;yes&quot;,&quot;_animation&quot;:&quot;fadeInUp&quot;}\" data-widget_type=\"image.default\">\n\t\t\t\t<div class=\"elementor-widget-container\">\n\t\t\t\t\t\t\t\t\t\t\t\t\t\t\t<img fetchpriority=\"high\" decoding=\"async\" width=\"800\" height=\"512\" src=\"https:\/\/www.ratafiaempordanesa.com\/wp-content\/uploads\/2024\/07\/serra-albera-especies-ratafia-empordanesa-1-1024x655.webp\" class=\"attachment-large size-large wp-image-533\" alt=\"\" srcset=\"https:\/\/www.ratafiaempordanesa.com\/wp-content\/uploads\/2024\/07\/serra-albera-especies-ratafia-empordanesa-1-1024x655.webp 1024w, https:\/\/www.ratafiaempordanesa.com\/wp-content\/uploads\/2024\/07\/serra-albera-especies-ratafia-empordanesa-1-300x192.webp 300w, https:\/\/www.ratafiaempordanesa.com\/wp-content\/uploads\/2024\/07\/serra-albera-especies-ratafia-empordanesa-1-768x491.webp 768w, https:\/\/www.ratafiaempordanesa.com\/wp-content\/uploads\/2024\/07\/serra-albera-especies-ratafia-empordanesa-1-1536x982.webp 1536w, https:\/\/www.ratafiaempordanesa.com\/wp-content\/uploads\/2024\/07\/serra-albera-especies-ratafia-empordanesa-1.webp 2048w\" sizes=\"(max-width: 800px) 100vw, 800px\" \/>\t\t\t\t\t\t\t\t\t\t\t\t\t\t\t<\/div>\n\t\t\t\t<\/div>\n\t\t\t\t<div class=\"elementor-element elementor-element-3f4ef16 elementor-widget__width-initial elementor-widget-mobile__width-inherit elementor-invisible elementor-widget elementor-widget-image\" data-id=\"3f4ef16\" data-element_type=\"widget\" data-settings=\"{&quot;_animation&quot;:&quot;fadeInUp&quot;}\" data-widget_type=\"image.default\">\n\t\t\t\t<div class=\"elementor-widget-container\">\n\t\t\t\t\t\t\t\t\t\t\t\t\t\t\t<img decoding=\"async\" width=\"800\" height=\"512\" src=\"https:\/\/www.ratafiaempordanesa.com\/wp-content\/uploads\/2024\/07\/serra-albera-paisatge-ratafia-empordanesa-1-1024x655.webp\" class=\"attachment-large size-large wp-image-534\" alt=\"\" srcset=\"https:\/\/www.ratafiaempordanesa.com\/wp-content\/uploads\/2024\/07\/serra-albera-paisatge-ratafia-empordanesa-1-1024x655.webp 1024w, https:\/\/www.ratafiaempordanesa.com\/wp-content\/uploads\/2024\/07\/serra-albera-paisatge-ratafia-empordanesa-1-300x192.webp 300w, https:\/\/www.ratafiaempordanesa.com\/wp-content\/uploads\/2024\/07\/serra-albera-paisatge-ratafia-empordanesa-1-768x491.webp 768w, https:\/\/www.ratafiaempordanesa.com\/wp-content\/uploads\/2024\/07\/serra-albera-paisatge-ratafia-empordanesa-1-1536x982.webp 1536w, https:\/\/www.ratafiaempordanesa.com\/wp-content\/uploads\/2024\/07\/serra-albera-paisatge-ratafia-empordanesa-1.webp 2048w\" sizes=\"(max-width: 800px) 100vw, 800px\" \/>\t\t\t\t\t\t\t\t\t\t\t\t\t\t\t<\/div>\n\t\t\t\t<\/div>\n\t\t\t\t<div class=\"elementor-element elementor-element-e2f1393 elementor-widget__width-initial animated-fast elementor-widget-mobile__width-inherit elementor-invisible elementor-widget elementor-widget-image\" data-id=\"e2f1393\" data-element_type=\"widget\" data-settings=\"{&quot;_animation&quot;:&quot;fadeInUp&quot;}\" data-widget_type=\"image.default\">\n\t\t\t\t<div class=\"elementor-widget-container\">\n\t\t\t\t\t\t\t\t\t\t\t\t\t\t\t<img loading=\"lazy\" decoding=\"async\" width=\"800\" height=\"512\" src=\"https:\/\/www.ratafiaempordanesa.com\/wp-content\/uploads\/2024\/07\/serra-albera-fauna-ratafia-empordanesa-1-1024x655.webp\" class=\"attachment-large size-large wp-image-535\" alt=\"\" srcset=\"https:\/\/www.ratafiaempordanesa.com\/wp-content\/uploads\/2024\/07\/serra-albera-fauna-ratafia-empordanesa-1-1024x655.webp 1024w, https:\/\/www.ratafiaempordanesa.com\/wp-content\/uploads\/2024\/07\/serra-albera-fauna-ratafia-empordanesa-1-300x192.webp 300w, https:\/\/www.ratafiaempordanesa.com\/wp-content\/uploads\/2024\/07\/serra-albera-fauna-ratafia-empordanesa-1-768x491.webp 768w, https:\/\/www.ratafiaempordanesa.com\/wp-content\/uploads\/2024\/07\/serra-albera-fauna-ratafia-empordanesa-1-1536x982.webp 1536w, https:\/\/www.ratafiaempordanesa.com\/wp-content\/uploads\/2024\/07\/serra-albera-fauna-ratafia-empordanesa-1.webp 2048w\" sizes=\"(max-width: 800px) 100vw, 800px\" \/>\t\t\t\t\t\t\t\t\t\t\t\t\t\t\t<\/div>\n\t\t\t\t<\/div>\n\t\t\t\t<\/div>\n\t\t\t\t<div class=\"elementor-element elementor-element-5a98786 elementor-widget elementor-widget-toggle\" data-id=\"5a98786\" data-element_type=\"widget\" data-widget_type=\"toggle.default\">\n\t\t\t\t<div class=\"elementor-widget-container\">\n\t\t\t\t\t\t\t<div class=\"elementor-toggle\">\n\t\t\t\t\t\t\t<div class=\"elementor-toggle-item\">\n\t\t\t\t\t<div id=\"elementor-tab-title-9491\" class=\"elementor-tab-title\" data-tab=\"1\" role=\"button\" aria-controls=\"elementor-tab-content-9491\" aria-expanded=\"false\">\n\t\t\t\t\t\t\t\t\t\t\t\t<span class=\"elementor-toggle-icon elementor-toggle-icon-right\" aria-hidden=\"true\">\n\t\t\t\t\t\t\t\t\t\t\t\t\t\t\t<span class=\"elementor-toggle-icon-closed\"><svg xmlns=\"http:\/\/www.w3.org\/2000\/svg\" id=\"Layer_1\" data-name=\"Layer 1\" viewBox=\"0 0 24 24\" width=\"512\" height=\"512\"><polygon points=\"24 11 13 11 13 0 11 0 11 11 0 11 0 13 11 13 11 24 13 24 13 13 24 13 24 11\"><\/polygon><\/svg><\/span>\n\t\t\t\t\t\t\t\t<span class=\"elementor-toggle-icon-opened\"><svg xmlns=\"http:\/\/www.w3.org\/2000\/svg\" viewBox=\"0 0 24 24\" width=\"512\" height=\"512\"><g id=\"_01_align_center\" data-name=\"01 align center\"><rect y=\"11\" width=\"24\" height=\"2\"><\/rect><\/g><\/svg><\/span>\n\t\t\t\t\t\t\t\t\t\t\t\t\t<\/span>\n\t\t\t\t\t\t\t\t\t\t\t\t<a class=\"elementor-toggle-title\" tabindex=\"0\">Especies<\/a>\n\t\t\t\t\t<\/div>\n\n\t\t\t\t\t<div id=\"elementor-tab-content-9491\" class=\"elementor-tab-content elementor-clearfix\" data-tab=\"1\" role=\"region\" aria-labelledby=\"elementor-tab-title-9491\"><p>Este paraje natural permite observar la <strong>transici\u00f3n entre las especies propias de la cordillera pirenaica y las m\u00e1s t\u00edpicamente mediterr\u00e1neas<\/strong> , en un terreno de rocas metam\u00f3rficas como esquistos y pizarras.<\/p>\n<\/div>\n\t\t\t\t<\/div>\n\t\t\t\t\t\t\t<div class=\"elementor-toggle-item\">\n\t\t\t\t\t<div id=\"elementor-tab-title-9492\" class=\"elementor-tab-title\" data-tab=\"2\" role=\"button\" aria-controls=\"elementor-tab-content-9492\" aria-expanded=\"false\">\n\t\t\t\t\t\t\t\t\t\t\t\t<span class=\"elementor-toggle-icon elementor-toggle-icon-right\" aria-hidden=\"true\">\n\t\t\t\t\t\t\t\t\t\t\t\t\t\t\t<span class=\"elementor-toggle-icon-closed\"><svg xmlns=\"http:\/\/www.w3.org\/2000\/svg\" id=\"Layer_1\" data-name=\"Layer 1\" viewBox=\"0 0 24 24\" width=\"512\" height=\"512\"><polygon points=\"24 11 13 11 13 0 11 0 11 11 0 11 0 13 11 13 11 24 13 24 13 13 24 13 24 11\"><\/polygon><\/svg><\/span>\n\t\t\t\t\t\t\t\t<span class=\"elementor-toggle-icon-opened\"><svg xmlns=\"http:\/\/www.w3.org\/2000\/svg\" viewBox=\"0 0 24 24\" width=\"512\" height=\"512\"><g id=\"_01_align_center\" data-name=\"01 align center\"><rect y=\"11\" width=\"24\" height=\"2\"><\/rect><\/g><\/svg><\/span>\n\t\t\t\t\t\t\t\t\t\t\t\t\t<\/span>\n\t\t\t\t\t\t\t\t\t\t\t\t<a class=\"elementor-toggle-title\" tabindex=\"0\">Paisaje<\/a>\n\t\t\t\t\t<\/div>\n\n\t\t\t\t\t<div id=\"elementor-tab-content-9492\" class=\"elementor-tab-content elementor-clearfix\" data-tab=\"2\" role=\"region\" aria-labelledby=\"elementor-tab-title-9492\"><p>El paisaje est\u00e1 formado por <strong>alcornocales<\/strong> , <strong>encinas<\/strong> , <strong>casta\u00f1os<\/strong> , <strong>robles<\/strong> , <strong>hayedos<\/strong> y <strong>prados alpinos<\/strong> en las zonas m\u00e1s altas ya medida que nos acercamos al mar, la sierra pierde vegetaci\u00f3n y es dominada por <strong>alcornocales escasos<\/strong> , <strong>matorrales<\/strong> y <strong>matorrales<\/strong> .<\/p>\n<\/div>\n\t\t\t\t<\/div>\n\t\t\t\t\t\t\t<div class=\"elementor-toggle-item\">\n\t\t\t\t\t<div id=\"elementor-tab-title-9493\" class=\"elementor-tab-title\" data-tab=\"3\" role=\"button\" aria-controls=\"elementor-tab-content-9493\" aria-expanded=\"false\">\n\t\t\t\t\t\t\t\t\t\t\t\t<span class=\"elementor-toggle-icon elementor-toggle-icon-right\" aria-hidden=\"true\">\n\t\t\t\t\t\t\t\t\t\t\t\t\t\t\t<span class=\"elementor-toggle-icon-closed\"><svg xmlns=\"http:\/\/www.w3.org\/2000\/svg\" id=\"Layer_1\" data-name=\"Layer 1\" viewBox=\"0 0 24 24\" width=\"512\" height=\"512\"><polygon points=\"24 11 13 11 13 0 11 0 11 11 0 11 0 13 11 13 11 24 13 24 13 13 24 13 24 11\"><\/polygon><\/svg><\/span>\n\t\t\t\t\t\t\t\t<span class=\"elementor-toggle-icon-opened\"><svg xmlns=\"http:\/\/www.w3.org\/2000\/svg\" viewBox=\"0 0 24 24\" width=\"512\" height=\"512\"><g id=\"_01_align_center\" data-name=\"01 align center\"><rect y=\"11\" width=\"24\" height=\"2\"><\/rect><\/g><\/svg><\/span>\n\t\t\t\t\t\t\t\t\t\t\t\t\t<\/span>\n\t\t\t\t\t\t\t\t\t\t\t\t<a class=\"elementor-toggle-title\" tabindex=\"0\">Fauna<\/a>\n\t\t\t\t\t<\/div>\n\n\t\t\t\t\t<div id=\"elementor-tab-content-9493\" class=\"elementor-tab-content elementor-clearfix\" data-tab=\"3\" role=\"region\" aria-labelledby=\"elementor-tab-title-9493\"><p>Encontramos <strong>la \u00fanica poblaci\u00f3n natural de Tortuga Mediterr\u00e1nea<\/strong> de la Pen\u00ednsula Ib\u00e9rica. Tambi\u00e9n habitan otros animales como la tortuga de arroyo, el lagartijo peque\u00f1o, la musara\u00f1a com\u00fan, murci\u00e9lagos, el zorro, la gardu\u00f1a y otras especies mediterr\u00e1neas.<\/p>\n<\/div>\n\t\t\t\t<\/div>\n\t\t\t\t\t\t\t\t<\/div>\n\t\t\t\t\t\t<\/div>\n\t\t\t\t<\/div>\n\t\t\t\t\t<\/div>\n\t\t\t\t<\/div>\n\t\t\t\t<\/div>\n\t\t","protected":false},"excerpt":{"rendered":"<p>La Sierra de la Albera La Sierra de la Albera es el principal contrafuerte de los Pirineos, un conjunto monta\u00f1oso que se extiende desde el collado del Pert\u00fas hasta el mar Mediterr\u00e1neo. Especies Este paraje natural permite observar la transici\u00f3n entre las especies propias de la cordillera pirenaica y las m\u00e1s t\u00edpicamente mediterr\u00e1neas , en [&hellip;]<\/p>\n","protected":false},"author":1,"featured_media":0,"parent":0,"menu_order":0,"comment_status":"closed","ping_status":"closed","template":"","meta":{"footnotes":""},"class_list":["post-667","page","type-page","status-publish","hentry"],"yoast_head":"<!-- This site is optimized with the Yoast SEO plugin v25.5 - https:\/\/yoast.com\/wordpress\/plugins\/seo\/ -->\n<title>Sierra de la Albera - Ratafia Empordanesa<\/title>\n<meta name=\"robots\" content=\"index, follow, max-snippet:-1, max-image-preview:large, max-video-preview:-1\" \/>\n<link rel=\"canonical\" href=\"https:\/\/www.ratafiaempordanesa.com\/es\/sierra-de-la-albera\/\" \/>\n<meta property=\"og:locale\" content=\"es_ES\" \/>\n<meta property=\"og:type\" content=\"article\" \/>\n<meta property=\"og:title\" content=\"Sierra de la Albera - Ratafia Empordanesa\" \/>\n<meta property=\"og:description\" content=\"La Sierra de la Albera La Sierra de la Albera es el principal contrafuerte de los Pirineos, un conjunto monta\u00f1oso que se extiende desde el collado del Pert\u00fas hasta el mar Mediterr\u00e1neo. Especies Este paraje natural permite observar la transici\u00f3n entre las especies propias de la cordillera pirenaica y las m\u00e1s t\u00edpicamente mediterr\u00e1neas , en [&hellip;]\" \/>\n<meta property=\"og:url\" content=\"https:\/\/www.ratafiaempordanesa.com\/es\/sierra-de-la-albera\/\" \/>\n<meta property=\"og:site_name\" content=\"Ratafia Empordanesa\" \/>\n<meta property=\"article:modified_time\" content=\"2024-08-01T14:05:34+00:00\" \/>\n<meta property=\"og:image\" content=\"https:\/\/www.ratafiaempordanesa.com\/wp-content\/uploads\/2024\/07\/ratafia-empordanesa-escut-blanc.svg\" \/>\n<meta name=\"twitter:card\" content=\"summary_large_image\" \/>\n<meta name=\"twitter:label1\" content=\"Tiempo de lectura\" \/>\n\t<meta name=\"twitter:data1\" content=\"1 minuto\" \/>\n<script type=\"application\/ld+json\" class=\"yoast-schema-graph\">{\"@context\":\"https:\/\/schema.org\",\"@graph\":[{\"@type\":\"WebPage\",\"@id\":\"https:\/\/www.ratafiaempordanesa.com\/es\/sierra-de-la-albera\/\",\"url\":\"https:\/\/www.ratafiaempordanesa.com\/es\/sierra-de-la-albera\/\",\"name\":\"Sierra de la Albera - Ratafia Empordanesa\",\"isPartOf\":{\"@id\":\"https:\/\/www.ratafiaempordanesa.com\/es\/#website\"},\"primaryImageOfPage\":{\"@id\":\"https:\/\/www.ratafiaempordanesa.com\/es\/sierra-de-la-albera\/#primaryimage\"},\"image\":{\"@id\":\"https:\/\/www.ratafiaempordanesa.com\/es\/sierra-de-la-albera\/#primaryimage\"},\"thumbnailUrl\":\"https:\/\/www.ratafiaempordanesa.com\/wp-content\/uploads\/2024\/07\/ratafia-empordanesa-escut-blanc.svg\",\"datePublished\":\"2024-06-06T14:04:30+00:00\",\"dateModified\":\"2024-08-01T14:05:34+00:00\",\"breadcrumb\":{\"@id\":\"https:\/\/www.ratafiaempordanesa.com\/es\/sierra-de-la-albera\/#breadcrumb\"},\"inLanguage\":\"es\",\"potentialAction\":[{\"@type\":\"ReadAction\",\"target\":[\"https:\/\/www.ratafiaempordanesa.com\/es\/sierra-de-la-albera\/\"]}]},{\"@type\":\"ImageObject\",\"inLanguage\":\"es\",\"@id\":\"https:\/\/www.ratafiaempordanesa.com\/es\/sierra-de-la-albera\/#primaryimage\",\"url\":\"https:\/\/www.ratafiaempordanesa.com\/wp-content\/uploads\/2024\/07\/ratafia-empordanesa-escut-blanc.svg\",\"contentUrl\":\"https:\/\/www.ratafiaempordanesa.com\/wp-content\/uploads\/2024\/07\/ratafia-empordanesa-escut-blanc.svg\"},{\"@type\":\"BreadcrumbList\",\"@id\":\"https:\/\/www.ratafiaempordanesa.com\/es\/sierra-de-la-albera\/#breadcrumb\",\"itemListElement\":[{\"@type\":\"ListItem\",\"position\":1,\"name\":\"Portada\",\"item\":\"https:\/\/www.ratafiaempordanesa.com\/es\/\"},{\"@type\":\"ListItem\",\"position\":2,\"name\":\"Sierra de la Albera\"}]},{\"@type\":\"WebSite\",\"@id\":\"https:\/\/www.ratafiaempordanesa.com\/es\/#website\",\"url\":\"https:\/\/www.ratafiaempordanesa.com\/es\/\",\"name\":\"Ratafia l'Empordanesa\",\"description\":\"Ratafia artesanal\",\"publisher\":{\"@id\":\"https:\/\/www.ratafiaempordanesa.com\/es\/#organization\"},\"potentialAction\":[{\"@type\":\"SearchAction\",\"target\":{\"@type\":\"EntryPoint\",\"urlTemplate\":\"https:\/\/www.ratafiaempordanesa.com\/es\/?s={search_term_string}\"},\"query-input\":{\"@type\":\"PropertyValueSpecification\",\"valueRequired\":true,\"valueName\":\"search_term_string\"}}],\"inLanguage\":\"es\"},{\"@type\":\"Organization\",\"@id\":\"https:\/\/www.ratafiaempordanesa.com\/es\/#organization\",\"name\":\"Ratafia l'Empordanesa\",\"url\":\"https:\/\/www.ratafiaempordanesa.com\/es\/\",\"logo\":{\"@type\":\"ImageObject\",\"inLanguage\":\"es\",\"@id\":\"https:\/\/www.ratafiaempordanesa.com\/es\/#\/schema\/logo\/image\/\",\"url\":\"https:\/\/www.ratafiaempordanesa.com\/wp-content\/uploads\/2024\/06\/logo-ratafia-empordanesa-beige.png\",\"contentUrl\":\"https:\/\/www.ratafiaempordanesa.com\/wp-content\/uploads\/2024\/06\/logo-ratafia-empordanesa-beige.png\",\"width\":4910,\"height\":536,\"caption\":\"Ratafia l'Empordanesa\"},\"image\":{\"@id\":\"https:\/\/www.ratafiaempordanesa.com\/es\/#\/schema\/logo\/image\/\"}}]}<\/script>\n<!-- \/ Yoast SEO plugin. -->","yoast_head_json":{"title":"Sierra de la Albera - Ratafia Empordanesa","robots":{"index":"index","follow":"follow","max-snippet":"max-snippet:-1","max-image-preview":"max-image-preview:large","max-video-preview":"max-video-preview:-1"},"canonical":"https:\/\/www.ratafiaempordanesa.com\/es\/sierra-de-la-albera\/","og_locale":"es_ES","og_type":"article","og_title":"Sierra de la Albera - Ratafia Empordanesa","og_description":"La Sierra de la Albera La Sierra de la Albera es el principal contrafuerte de los Pirineos, un conjunto monta\u00f1oso que se extiende desde el collado del Pert\u00fas hasta el mar Mediterr\u00e1neo. Especies Este paraje natural permite observar la transici\u00f3n entre las especies propias de la cordillera pirenaica y las m\u00e1s t\u00edpicamente mediterr\u00e1neas , en [&hellip;]","og_url":"https:\/\/www.ratafiaempordanesa.com\/es\/sierra-de-la-albera\/","og_site_name":"Ratafia Empordanesa","article_modified_time":"2024-08-01T14:05:34+00:00","og_image":[{"url":"https:\/\/www.ratafiaempordanesa.com\/wp-content\/uploads\/2024\/07\/ratafia-empordanesa-escut-blanc.svg","type":"","width":"","height":""}],"twitter_card":"summary_large_image","twitter_misc":{"Tiempo de lectura":"1 minuto"},"schema":{"@context":"https:\/\/schema.org","@graph":[{"@type":"WebPage","@id":"https:\/\/www.ratafiaempordanesa.com\/es\/sierra-de-la-albera\/","url":"https:\/\/www.ratafiaempordanesa.com\/es\/sierra-de-la-albera\/","name":"Sierra de la Albera - Ratafia Empordanesa","isPartOf":{"@id":"https:\/\/www.ratafiaempordanesa.com\/es\/#website"},"primaryImageOfPage":{"@id":"https:\/\/www.ratafiaempordanesa.com\/es\/sierra-de-la-albera\/#primaryimage"},"image":{"@id":"https:\/\/www.ratafiaempordanesa.com\/es\/sierra-de-la-albera\/#primaryimage"},"thumbnailUrl":"https:\/\/www.ratafiaempordanesa.com\/wp-content\/uploads\/2024\/07\/ratafia-empordanesa-escut-blanc.svg","datePublished":"2024-06-06T14:04:30+00:00","dateModified":"2024-08-01T14:05:34+00:00","breadcrumb":{"@id":"https:\/\/www.ratafiaempordanesa.com\/es\/sierra-de-la-albera\/#breadcrumb"},"inLanguage":"es","potentialAction":[{"@type":"ReadAction","target":["https:\/\/www.ratafiaempordanesa.com\/es\/sierra-de-la-albera\/"]}]},{"@type":"ImageObject","inLanguage":"es","@id":"https:\/\/www.ratafiaempordanesa.com\/es\/sierra-de-la-albera\/#primaryimage","url":"https:\/\/www.ratafiaempordanesa.com\/wp-content\/uploads\/2024\/07\/ratafia-empordanesa-escut-blanc.svg","contentUrl":"https:\/\/www.ratafiaempordanesa.com\/wp-content\/uploads\/2024\/07\/ratafia-empordanesa-escut-blanc.svg"},{"@type":"BreadcrumbList","@id":"https:\/\/www.ratafiaempordanesa.com\/es\/sierra-de-la-albera\/#breadcrumb","itemListElement":[{"@type":"ListItem","position":1,"name":"Portada","item":"https:\/\/www.ratafiaempordanesa.com\/es\/"},{"@type":"ListItem","position":2,"name":"Sierra de la Albera"}]},{"@type":"WebSite","@id":"https:\/\/www.ratafiaempordanesa.com\/es\/#website","url":"https:\/\/www.ratafiaempordanesa.com\/es\/","name":"Ratafia l'Empordanesa","description":"Ratafia artesanal","publisher":{"@id":"https:\/\/www.ratafiaempordanesa.com\/es\/#organization"},"potentialAction":[{"@type":"SearchAction","target":{"@type":"EntryPoint","urlTemplate":"https:\/\/www.ratafiaempordanesa.com\/es\/?s={search_term_string}"},"query-input":{"@type":"PropertyValueSpecification","valueRequired":true,"valueName":"search_term_string"}}],"inLanguage":"es"},{"@type":"Organization","@id":"https:\/\/www.ratafiaempordanesa.com\/es\/#organization","name":"Ratafia l'Empordanesa","url":"https:\/\/www.ratafiaempordanesa.com\/es\/","logo":{"@type":"ImageObject","inLanguage":"es","@id":"https:\/\/www.ratafiaempordanesa.com\/es\/#\/schema\/logo\/image\/","url":"https:\/\/www.ratafiaempordanesa.com\/wp-content\/uploads\/2024\/06\/logo-ratafia-empordanesa-beige.png","contentUrl":"https:\/\/www.ratafiaempordanesa.com\/wp-content\/uploads\/2024\/06\/logo-ratafia-empordanesa-beige.png","width":4910,"height":536,"caption":"Ratafia l'Empordanesa"},"image":{"@id":"https:\/\/www.ratafiaempordanesa.com\/es\/#\/schema\/logo\/image\/"}}]}},"_links":{"self":[{"href":"https:\/\/www.ratafiaempordanesa.com\/es\/wp-json\/wp\/v2\/pages\/667","targetHints":{"allow":["GET"]}}],"collection":[{"href":"https:\/\/www.ratafiaempordanesa.com\/es\/wp-json\/wp\/v2\/pages"}],"about":[{"href":"https:\/\/www.ratafiaempordanesa.com\/es\/wp-json\/wp\/v2\/types\/page"}],"author":[{"embeddable":true,"href":"https:\/\/www.ratafiaempordanesa.com\/es\/wp-json\/wp\/v2\/users\/1"}],"replies":[{"embeddable":true,"href":"https:\/\/www.ratafiaempordanesa.com\/es\/wp-json\/wp\/v2\/comments?post=667"}],"version-history":[{"count":3,"href":"https:\/\/www.ratafiaempordanesa.com\/es\/wp-json\/wp\/v2\/pages\/667\/revisions"}],"predecessor-version":[{"id":906,"href":"https:\/\/www.ratafiaempordanesa.com\/es\/wp-json\/wp\/v2\/pages\/667\/revisions\/906"}],"wp:attachment":[{"href":"https:\/\/www.ratafiaempordanesa.com\/es\/wp-json\/wp\/v2\/media?parent=667"}],"curies":[{"name":"wp","href":"https:\/\/api.w.org\/{rel}","templated":true}]}}